{"id":152,"date":"2017-12-18T13:13:30","date_gmt":"2017-12-18T12:13:30","guid":{"rendered":"http:\/\/www.valdelanef.com\/V2\/?page_id=152"},"modified":"2023-12-30T14:18:32","modified_gmt":"2023-12-30T13:18:32","slug":"le-hammam","status":"publish","type":"page","link":"https:\/\/www.valdelanef.com\/V2\/le-hammam\/","title":{"rendered":"Le Hammam"},"content":{"rendered":"<figure id=\"attachment_383\" aria-describedby=\"caption-attachment-383\" style=\"width: 3872px\" class=\"wp-caption aligncenter\"><img decoding=\"async\" loading=\"lazy\" class=\"wp-image-383 size-full\" src=\"https:\/\/www.valdelanef.com\/V2\/wp-content\/uploads\/2018\/05\/DSC0259.jpg\" alt=\"\" width=\"3872\" height=\"2592\" srcset=\"https:\/\/www.valdelanef.com\/V2\/wp-content\/uploads\/2018\/05\/DSC0259.jpg 3872w, https:\/\/www.valdelanef.com\/V2\/wp-content\/uploads\/2018\/05\/DSC0259-300x201.jpg 300w, https:\/\/www.valdelanef.com\/V2\/wp-content\/uploads\/2018\/05\/DSC0259-768x514.jpg 768w, https:\/\/www.valdelanef.com\/V2\/wp-content\/uploads\/2018\/05\/DSC0259-1024x685.jpg 1024w\" sizes=\"(max-width: 3872px) 100vw, 3872px\" \/><figcaption id=\"caption-attachment-383\" class=\"wp-caption-text\">le hammam<\/figcaption><\/figure>\n<p><a href=\"https:\/\/www.valdelanef.com\/V2\/english\/the-hammam\" rel=\"home\"><img decoding=\"async\" class=\"size-full alignleft\" src=\"https:\/\/www.valdelanef.com\/V2\/wp-content\/uploads\/2017\/12\/UK_Flag.png\" alt=\"\" width=\"6%\" height=\"6%\" \/><\/a><\/p>\n<blockquote>\n<p class=\"soustitre\"><strong>6 personnes<\/strong>\u00a0<strong>max<\/strong>&#8211; sur rendez-vous<\/p>\n<\/blockquote>\n<p class=\"intro_chambre\">Un h\u00e9ritage oriental des \u00e9tuves antiques, dans son d\u00e9cor raffin\u00e9, le hammam vous enveloppe de ses doux nuages de vapeur atteignant 42 degr\u00e9s. La chaleur satur\u00e9e \u00e0 100% d&rsquo;humidit\u00e9, laisse une impression de douceur et se supporte ais\u00e9ment, gr\u00e2ce \u00e0 la vapeur d&rsquo;eau. L&rsquo;impression de bien-\u00eatre en est renforc\u00e9e par l&rsquo;agr\u00e9able odeur d&rsquo;huile essentielle \u00e0 l&rsquo;eucalyptus, destin\u00e9e \u00e0 am\u00e9liorer la respiration. Apr\u00e8s une s\u00e9ance de hammam, la peau est plus douce, et la d\u00e9tente maximale.<\/p>\n<ul class=\"prix\">\n<li><em><strong>17 \u20ac <\/strong>par personne cliente du g\u00eete<\/em><em><br \/>\n<\/em><\/li>\n<\/ul>\n","protected":false},"excerpt":{"rendered":"<p>6 personnes\u00a0max&#8211; sur rendez-vous Un h\u00e9ritage oriental des \u00e9tuves antiques, dans son d\u00e9cor raffin\u00e9, le hammam vous enveloppe de ses doux nuages de vapeur atteignant&hellip;<\/p>\n","protected":false},"author":1,"featured_media":0,"parent":0,"menu_order":0,"comment_status":"closed","ping_status":"closed","template":"","meta":{"footnotes":""},"_links":{"self":[{"href":"https:\/\/www.valdelanef.com\/V2\/wp-json\/wp\/v2\/pages\/152"}],"collection":[{"href":"https:\/\/www.valdelanef.com\/V2\/wp-json\/wp\/v2\/pages"}],"about":[{"href":"https:\/\/www.valdelanef.com\/V2\/wp-json\/wp\/v2\/types\/page"}],"author":[{"embeddable":true,"href":"https:\/\/www.valdelanef.com\/V2\/wp-json\/wp\/v2\/users\/1"}],"replies":[{"embeddable":true,"href":"https:\/\/www.valdelanef.com\/V2\/wp-json\/wp\/v2\/comments?post=152"}],"version-history":[{"count":13,"href":"https:\/\/www.valdelanef.com\/V2\/wp-json\/wp\/v2\/pages\/152\/revisions"}],"predecessor-version":[{"id":638,"href":"https:\/\/www.valdelanef.com\/V2\/wp-json\/wp\/v2\/pages\/152\/revisions\/638"}],"wp:attachment":[{"href":"https:\/\/www.valdelanef.com\/V2\/wp-json\/wp\/v2\/media?parent=152"}],"curies":[{"name":"wp","href":"https:\/\/api.w.org\/{rel}","templated":true}]}}